{"id":11908,"date":"2015-10-09T00:00:00","date_gmt":"2015-10-08T22:00:00","guid":{"rendered":"https:\/\/www.visitdolenjska.eu\/kulinarika-in-vino\/der-cvicek\/"},"modified":"2025-09-02T10:35:03","modified_gmt":"2025-09-02T08:35:03","slug":"der-cvicek","status":"publish","type":"kulinarika-in-vino","link":"https:\/\/www.visitdolenjska.eu\/de\/kulinarik-und-wein\/der-cvicek\/","title":{"rendered":"Der Cvi\u010dek"},"content":{"rendered":"\n<p><strong>Der Cvi\u010dek<\/strong> ist einer der wenigen Weine weltweit, bei dem rote und wei\u00dfe Rebsorten miteinander verschnitten werden d\u00fcrfen. Neben dem bekannten italienischen Chianti, bei dem dies fr\u00fcher ebenfalls erlaubt war, und einigen wenigen weiteren Ausnahmen in der Welt geh\u00f6rt Cvi\u010dek zu den seltenen Weinen, bei denen diese Tradition fortbesteht. <\/p>\n\n<p>Es handelt sich um einen trockenen Wein, der aus verschiedenen Rebsorten gekeltert wird: <strong>\u017dametna \u010crnina (70 %)<\/strong>, <strong>Blaufr\u00e4nkisch (10 %)<\/strong> und <strong>wei\u00dfen Sorten (20 %)<\/strong>, unter denen <strong>die Kraljevina<\/strong> dominiert. Rote und wei\u00dfe Trauben vereinen sich so im richtigen Verh\u00e4ltnis zu einer wunderbaren Harmonie und verleihen dem Wein seine helle, r\u00f6tliche Farbe mit rubinrotem Schimmer. Der Wein ist sehr leicht und bek\u00f6mmlich und passt daher hervorragend zu allen Gerichten.   <\/p>\n\n<p>Er ist die besondere Spezialit\u00e4t der Dolenjska und eine autochthone slowenische Weinsorte mit <strong>einem Alkoholgehalt von 8,5 bis 10,0 % vol<\/strong>.<\/p>\n\n<div style=\"height:45px\" aria-hidden=\"true\" class=\"wp-block-spacer\"><\/div>\n<div class=\"wp-bootstrap-blocks-row row\">\n\t\n\n<div class=\"col-12 col-md-4\">\n\t\t\t\n\n<div class=\"wp-block-group is-layout-constrained wp-block-group-is-layout-constrained\"><div class=\"wp-bootstrap-blocks-row row\">\n\t\n\n<div class=\"col-12 col-md-12\">\n\t\t\t\n\n<div class=\"wp-block-group is-layout-constrained wp-block-group-is-layout-constrained\"><div class=\"wp-bootstrap-blocks-row row\">\n\t\n\n<div class=\"col-12 col-md-12\">\n\t\t\t\n\n<figure class=\"wp-block-image size-full\"><img loading=\"lazy\" decoding=\"async\" width=\"750\" height=\"750\" src=\"https:\/\/www.visitdolenjska.eu\/wp-content\/uploads\/Cvicek-VisitDolenjska.jpg\" alt=\"\" class=\"wp-image-9104\" srcset=\"https:\/\/www.visitdolenjska.eu\/wp-content\/uploads\/Cvicek-VisitDolenjska.jpg 750w, https:\/\/www.visitdolenjska.eu\/wp-content\/uploads\/Cvicek-VisitDolenjska-576x576.jpg 576w, https:\/\/www.visitdolenjska.eu\/wp-content\/uploads\/Cvicek-VisitDolenjska-360x360.jpg 360w\" sizes=\"(max-width: 750px) 100vw, 750px\" \/><\/figure>\n\n\t<\/div>\n\n<\/div>\n<\/div>\n\n\t<\/div>\n\n<\/div>\n<\/div>\n\n\t<\/div>\n\n\n\n<div class=\"col-12 col-md-4\">\n\t\t\t\n\n<figure class=\"wp-block-image size-full\"><img loading=\"lazy\" decoding=\"async\" width=\"750\" height=\"750\" src=\"https:\/\/www.visitdolenjska.eu\/wp-content\/uploads\/Cvicek-VisitDolenjska-1.jpg\" alt=\"\" class=\"wp-image-9102\" srcset=\"https:\/\/www.visitdolenjska.eu\/wp-content\/uploads\/Cvicek-VisitDolenjska-1.jpg 750w, https:\/\/www.visitdolenjska.eu\/wp-content\/uploads\/Cvicek-VisitDolenjska-1-576x576.jpg 576w, https:\/\/www.visitdolenjska.eu\/wp-content\/uploads\/Cvicek-VisitDolenjska-1-360x360.jpg 360w\" sizes=\"(max-width: 750px) 100vw, 750px\" \/><\/figure>\n\n\t<\/div>\n\n\n\n<div class=\"col-12 col-md-4\">\n\t\t\t\n\n<figure class=\"wp-block-image size-full\"><img loading=\"lazy\" decoding=\"async\" width=\"750\" height=\"750\" src=\"https:\/\/www.visitdolenjska.eu\/wp-content\/uploads\/Cvicek-VisitDolenjska-2.jpg\" alt=\"\" class=\"wp-image-9101\" srcset=\"https:\/\/www.visitdolenjska.eu\/wp-content\/uploads\/Cvicek-VisitDolenjska-2.jpg 750w, https:\/\/www.visitdolenjska.eu\/wp-content\/uploads\/Cvicek-VisitDolenjska-2-576x576.jpg 576w, https:\/\/www.visitdolenjska.eu\/wp-content\/uploads\/Cvicek-VisitDolenjska-2-360x360.jpg 360w\" sizes=\"(max-width: 750px) 100vw, 750px\" \/><\/figure>\n\n\t<\/div>\n\n<\/div>\n\n<div style=\"height:45px\" aria-hidden=\"true\" class=\"wp-block-spacer\"><\/div>\n\n<h2 class=\"wp-block-heading\">Entdecken Sie den Cvi\u010dek<\/h2>\n\n<ul class=\"wp-block-list\">\n<li><a href=\"https:\/\/www.visitdolenjska.eu\/ponudba\/izvir-cvicka\/\">Weinbrunnen \u201eCvi\u010dek-Quelle\u201c<\/a><\/li>\n\n\n\n<li><a href=\"https:\/\/www.visitdolenjska.eu\/de\/angebot\/matjaz-heimstaette\/\">Die Geschichte des Cvi\u010dek auf Matja\u017e\u2019 Hof<\/a><\/li>\n\n\n\n<li><a href=\"https:\/\/www.visitdolenjska.eu\/de\/angebote-unterkategorie\/offene-weinkeller\/\">Offene Weinbergh\u00fctten<\/a> am Tr\u0161ka Gora<\/li>\n\n\n\n<li><a href=\"https:\/\/www.visitdolenjska.eu\/de\/kulinarik-und-wein\/weindegustation\/\">Weinverkostungen<\/a><\/li>\n<\/ul>\n","protected":false},"excerpt":{"rendered":"<p>Der Cvi\u010dek ist einer der wenigen Weine, bei dem rote und wei\u00dfe Rebsorten miteinander verschnitten werden d\u00fcrfen \u2013 eine autochthone slowenische Spezialit\u00e4t mit niedrigem Alkoholgehalt.<\/p>\n","protected":false},"author":1,"featured_media":5896,"template":"","meta":{"_acf_changed":false},"lokacija":[],"class_list":["post-11908","kulinarika-in-vino","type-kulinarika-in-vino","status-publish","has-post-thumbnail","hentry"],"acf":[],"yoast_head":"<!-- This site is optimized with the Yoast SEO plugin v27.3 - https:\/\/yoast.com\/product\/yoast-seo-wordpress\/ -->\n<title>Der Cvi\u010dek - VisitDolenjska<\/title>\n<meta name=\"description\" content=\"Der Cvi\u010dek ist einer der wenigen Weine, bei dem rote und wei\u00dfe Rebsorten miteinander verschnitten werden d\u00fcrfen \u2013 eine autochthone slowenische Spezialit\u00e4t mit niedrigem Alkoholgehalt.\" \/>\n<meta name=\"robots\" content=\"index, follow, max-snippet:-1, max-image-preview:large, max-video-preview:-1\" \/>\n<link rel=\"canonical\" href=\"https:\/\/www.visitdolenjska.eu\/de\/kulinarik-und-wein\/der-cvicek\/\" \/>\n<meta property=\"og:locale\" content=\"de_DE\" \/>\n<meta property=\"og:type\" content=\"article\" \/>\n<meta property=\"og:title\" content=\"Der Cvi\u010dek - VisitDolenjska\" \/>\n<meta property=\"og:description\" content=\"Der Cvi\u010dek ist einer der wenigen Weine, bei dem rote und wei\u00dfe Rebsorten miteinander verschnitten werden d\u00fcrfen \u2013 eine autochthone slowenische Spezialit\u00e4t mit niedrigem Alkoholgehalt.\" \/>\n<meta property=\"og:url\" content=\"https:\/\/www.visitdolenjska.eu\/de\/kulinarik-und-wein\/der-cvicek\/\" \/>\n<meta property=\"og:site_name\" content=\"VisitDolenjska\" \/>\n<meta property=\"article:modified_time\" content=\"2025-09-02T08:35:03+00:00\" \/>\n<meta property=\"og:image\" content=\"https:\/\/www.visitdolenjska.eu\/wp-content\/uploads\/page_logof1e3c45e3a3a19a.jpg\" \/>\n\t<meta property=\"og:image:width\" content=\"1024\" \/>\n\t<meta property=\"og:image:height\" content=\"1026\" \/>\n\t<meta property=\"og:image:type\" content=\"image\/jpeg\" \/>\n<meta name=\"twitter:card\" content=\"summary_large_image\" \/>\n<script type=\"application\/ld+json\" class=\"yoast-schema-graph\">{\"@context\":\"https:\\\/\\\/schema.org\",\"@graph\":[{\"@type\":\"WebPage\",\"@id\":\"https:\\\/\\\/www.visitdolenjska.eu\\\/de\\\/kulinarik-und-wein\\\/der-cvicek\\\/\",\"url\":\"https:\\\/\\\/www.visitdolenjska.eu\\\/de\\\/kulinarik-und-wein\\\/der-cvicek\\\/\",\"name\":\"Der Cvi\u010dek - VisitDolenjska\",\"isPartOf\":{\"@id\":\"https:\\\/\\\/www.visitdolenjska.eu\\\/de\\\/#website\"},\"primaryImageOfPage\":{\"@id\":\"https:\\\/\\\/www.visitdolenjska.eu\\\/de\\\/kulinarik-und-wein\\\/der-cvicek\\\/#primaryimage\"},\"image\":{\"@id\":\"https:\\\/\\\/www.visitdolenjska.eu\\\/de\\\/kulinarik-und-wein\\\/der-cvicek\\\/#primaryimage\"},\"thumbnailUrl\":\"https:\\\/\\\/www.visitdolenjska.eu\\\/wp-content\\\/uploads\\\/page_logof1e3c45e3a3a19a.jpg\",\"datePublished\":\"2015-10-08T22:00:00+00:00\",\"dateModified\":\"2025-09-02T08:35:03+00:00\",\"description\":\"Der Cvi\u010dek ist einer der wenigen Weine, bei dem rote und wei\u00dfe Rebsorten miteinander verschnitten werden d\u00fcrfen \u2013 eine autochthone slowenische Spezialit\u00e4t mit niedrigem Alkoholgehalt.\",\"breadcrumb\":{\"@id\":\"https:\\\/\\\/www.visitdolenjska.eu\\\/de\\\/kulinarik-und-wein\\\/der-cvicek\\\/#breadcrumb\"},\"inLanguage\":\"de\",\"potentialAction\":[{\"@type\":\"ReadAction\",\"target\":[\"https:\\\/\\\/www.visitdolenjska.eu\\\/de\\\/kulinarik-und-wein\\\/der-cvicek\\\/\"]}]},{\"@type\":\"ImageObject\",\"inLanguage\":\"de\",\"@id\":\"https:\\\/\\\/www.visitdolenjska.eu\\\/de\\\/kulinarik-und-wein\\\/der-cvicek\\\/#primaryimage\",\"url\":\"https:\\\/\\\/www.visitdolenjska.eu\\\/wp-content\\\/uploads\\\/page_logof1e3c45e3a3a19a.jpg\",\"contentUrl\":\"https:\\\/\\\/www.visitdolenjska.eu\\\/wp-content\\\/uploads\\\/page_logof1e3c45e3a3a19a.jpg\",\"width\":1024,\"height\":1026,\"caption\":\"Cvi\u010dek\"},{\"@type\":\"BreadcrumbList\",\"@id\":\"https:\\\/\\\/www.visitdolenjska.eu\\\/de\\\/kulinarik-und-wein\\\/der-cvicek\\\/#breadcrumb\",\"itemListElement\":[{\"@type\":\"ListItem\",\"position\":1,\"name\":\"Home\",\"item\":\"https:\\\/\\\/www.visitdolenjska.eu\\\/de\\\/\"},{\"@type\":\"ListItem\",\"position\":2,\"name\":\"Kulinarik und Wein\",\"item\":\"https:\\\/\\\/www.visitdolenjska.eu\\\/de\\\/kulinarik-und-wein\\\/\"},{\"@type\":\"ListItem\",\"position\":3,\"name\":\"Der Cvi\u010dek\"}]},{\"@type\":\"WebSite\",\"@id\":\"https:\\\/\\\/www.visitdolenjska.eu\\\/de\\\/#website\",\"url\":\"https:\\\/\\\/www.visitdolenjska.eu\\\/de\\\/\",\"name\":\"VisitDolenjska\",\"description\":\"\",\"potentialAction\":[{\"@type\":\"SearchAction\",\"target\":{\"@type\":\"EntryPoint\",\"urlTemplate\":\"https:\\\/\\\/www.visitdolenjska.eu\\\/de\\\/?s={search_term_string}\"},\"query-input\":{\"@type\":\"PropertyValueSpecification\",\"valueRequired\":true,\"valueName\":\"search_term_string\"}}],\"inLanguage\":\"de\"}]}<\/script>\n<!-- \/ Yoast SEO plugin. -->","yoast_head_json":{"title":"Der Cvi\u010dek - VisitDolenjska","description":"Der Cvi\u010dek ist einer der wenigen Weine, bei dem rote und wei\u00dfe Rebsorten miteinander verschnitten werden d\u00fcrfen \u2013 eine autochthone slowenische Spezialit\u00e4t mit niedrigem Alkoholgehalt.","robots":{"index":"index","follow":"follow","max-snippet":"max-snippet:-1","max-image-preview":"max-image-preview:large","max-video-preview":"max-video-preview:-1"},"canonical":"https:\/\/www.visitdolenjska.eu\/de\/kulinarik-und-wein\/der-cvicek\/","og_locale":"de_DE","og_type":"article","og_title":"Der Cvi\u010dek - VisitDolenjska","og_description":"Der Cvi\u010dek ist einer der wenigen Weine, bei dem rote und wei\u00dfe Rebsorten miteinander verschnitten werden d\u00fcrfen \u2013 eine autochthone slowenische Spezialit\u00e4t mit niedrigem Alkoholgehalt.","og_url":"https:\/\/www.visitdolenjska.eu\/de\/kulinarik-und-wein\/der-cvicek\/","og_site_name":"VisitDolenjska","article_modified_time":"2025-09-02T08:35:03+00:00","og_image":[{"width":1024,"height":1026,"url":"https:\/\/www.visitdolenjska.eu\/wp-content\/uploads\/page_logof1e3c45e3a3a19a.jpg","type":"image\/jpeg"}],"twitter_card":"summary_large_image","schema":{"@context":"https:\/\/schema.org","@graph":[{"@type":"WebPage","@id":"https:\/\/www.visitdolenjska.eu\/de\/kulinarik-und-wein\/der-cvicek\/","url":"https:\/\/www.visitdolenjska.eu\/de\/kulinarik-und-wein\/der-cvicek\/","name":"Der Cvi\u010dek - VisitDolenjska","isPartOf":{"@id":"https:\/\/www.visitdolenjska.eu\/de\/#website"},"primaryImageOfPage":{"@id":"https:\/\/www.visitdolenjska.eu\/de\/kulinarik-und-wein\/der-cvicek\/#primaryimage"},"image":{"@id":"https:\/\/www.visitdolenjska.eu\/de\/kulinarik-und-wein\/der-cvicek\/#primaryimage"},"thumbnailUrl":"https:\/\/www.visitdolenjska.eu\/wp-content\/uploads\/page_logof1e3c45e3a3a19a.jpg","datePublished":"2015-10-08T22:00:00+00:00","dateModified":"2025-09-02T08:35:03+00:00","description":"Der Cvi\u010dek ist einer der wenigen Weine, bei dem rote und wei\u00dfe Rebsorten miteinander verschnitten werden d\u00fcrfen \u2013 eine autochthone slowenische Spezialit\u00e4t mit niedrigem Alkoholgehalt.","breadcrumb":{"@id":"https:\/\/www.visitdolenjska.eu\/de\/kulinarik-und-wein\/der-cvicek\/#breadcrumb"},"inLanguage":"de","potentialAction":[{"@type":"ReadAction","target":["https:\/\/www.visitdolenjska.eu\/de\/kulinarik-und-wein\/der-cvicek\/"]}]},{"@type":"ImageObject","inLanguage":"de","@id":"https:\/\/www.visitdolenjska.eu\/de\/kulinarik-und-wein\/der-cvicek\/#primaryimage","url":"https:\/\/www.visitdolenjska.eu\/wp-content\/uploads\/page_logof1e3c45e3a3a19a.jpg","contentUrl":"https:\/\/www.visitdolenjska.eu\/wp-content\/uploads\/page_logof1e3c45e3a3a19a.jpg","width":1024,"height":1026,"caption":"Cvi\u010dek"},{"@type":"BreadcrumbList","@id":"https:\/\/www.visitdolenjska.eu\/de\/kulinarik-und-wein\/der-cvicek\/#breadcrumb","itemListElement":[{"@type":"ListItem","position":1,"name":"Home","item":"https:\/\/www.visitdolenjska.eu\/de\/"},{"@type":"ListItem","position":2,"name":"Kulinarik und Wein","item":"https:\/\/www.visitdolenjska.eu\/de\/kulinarik-und-wein\/"},{"@type":"ListItem","position":3,"name":"Der Cvi\u010dek"}]},{"@type":"WebSite","@id":"https:\/\/www.visitdolenjska.eu\/de\/#website","url":"https:\/\/www.visitdolenjska.eu\/de\/","name":"VisitDolenjska","description":"","potentialAction":[{"@type":"SearchAction","target":{"@type":"EntryPoint","urlTemplate":"https:\/\/www.visitdolenjska.eu\/de\/?s={search_term_string}"},"query-input":{"@type":"PropertyValueSpecification","valueRequired":true,"valueName":"search_term_string"}}],"inLanguage":"de"}]}},"_links":{"self":[{"href":"https:\/\/www.visitdolenjska.eu\/de\/wp-json\/wp\/v2\/kulinarika-in-vino\/11908","targetHints":{"allow":["GET"]}}],"collection":[{"href":"https:\/\/www.visitdolenjska.eu\/de\/wp-json\/wp\/v2\/kulinarika-in-vino"}],"about":[{"href":"https:\/\/www.visitdolenjska.eu\/de\/wp-json\/wp\/v2\/types\/kulinarika-in-vino"}],"author":[{"embeddable":true,"href":"https:\/\/www.visitdolenjska.eu\/de\/wp-json\/wp\/v2\/users\/1"}],"wp:featuredmedia":[{"embeddable":true,"href":"https:\/\/www.visitdolenjska.eu\/de\/wp-json\/wp\/v2\/media\/5896"}],"wp:attachment":[{"href":"https:\/\/www.visitdolenjska.eu\/de\/wp-json\/wp\/v2\/media?parent=11908"}],"wp:term":[{"taxonomy":"lokacija","embeddable":true,"href":"https:\/\/www.visitdolenjska.eu\/de\/wp-json\/wp\/v2\/lokacija?post=11908"}],"curies":[{"name":"wp","href":"https:\/\/api.w.org\/{rel}","templated":true}]}}