{"id":10773,"date":"2020-03-24T00:00:00","date_gmt":"2020-03-23T23:00:00","guid":{"rendered":"https:\/\/www.visitdolenjska.eu\/ponudba\/bauernhof-radez\/"},"modified":"2020-03-24T00:00:00","modified_gmt":"2020-03-23T23:00:00","slug":"bauernhof-radez","status":"publish","type":"ponudba","link":"https:\/\/www.visitdolenjska.eu\/de\/angebot\/bauernhof-radez\/","title":{"rendered":"Bauernhof Rade\u017e"},"content":{"rendered":"<p>Mit der Milchproduktion besch\u00e4ftigten sich bereits die Eltern. Heute wird die gesamte auf dem Bauernhof produzierte Milch auch selbst verarbeitet. Sie bem\u00fchen sich sehr, hochwertiges Futter f\u00fcr ihre K\u00fche anzubauen, da sie wissen, dass nur so qualitativ hochwertige Milchprodukte entstehen, zu denen Kunden gerne greifen. <\/p>\n","protected":false},"excerpt":{"rendered":"<p>Mit der Milchproduktion besch\u00e4ftigten sich bereits die Eltern. Heute wird die gesamte auf dem Bauernhof produzierte Milch auch selbst verarbeitet. Sie bem\u00fchen sich sehr, hochwertiges Futter f\u00fcr ihre K\u00fche anzubauen, da sie wissen, dass nur so qualitativ hochwertige Milchprodukte entstehen, zu denen Kunden gerne greifen.<\/p>\n","protected":false},"author":1,"featured_media":621,"parent":0,"template":"","meta":{"_acf_changed":false},"kategorija-ponudbe":[369],"podkategorija-ponudbe":[80],"posebna-ponudba":[],"lokacija":[279],"class_list":["post-10773","ponudba","type-ponudba","status-publish","has-post-thumbnail","hentry","kategorija-ponudbe-andere","podkategorija-ponudbe-kmetije","lokacija-anderes"],"acf":[],"yoast_head":"<!-- This site is optimized with the Yoast SEO plugin v27.3 - https:\/\/yoast.com\/product\/yoast-seo-wordpress\/ -->\n<title>Bauernhof Rade\u017e - VisitDolenjska<\/title>\n<meta name=\"description\" content=\"Mit der Milchproduktion besch\u00e4ftigten sich bereits die Eltern. Heute wird die gesamte auf dem Bauernhof produzierte Milch auch selbst verarbeitet. Sie\" \/>\n<meta name=\"robots\" content=\"index, follow, max-snippet:-1, max-image-preview:large, max-video-preview:-1\" \/>\n<link rel=\"canonical\" href=\"https:\/\/www.visitdolenjska.eu\/de\/angebot\/bauernhof-radez\/\" \/>\n<meta property=\"og:locale\" content=\"de_DE\" \/>\n<meta property=\"og:type\" content=\"article\" \/>\n<meta property=\"og:title\" content=\"Bauernhof Rade\u017e - VisitDolenjska\" \/>\n<meta property=\"og:description\" content=\"Mit der Milchproduktion besch\u00e4ftigten sich bereits die Eltern. Heute wird die gesamte auf dem Bauernhof produzierte Milch auch selbst verarbeitet. Sie\" \/>\n<meta property=\"og:url\" content=\"https:\/\/www.visitdolenjska.eu\/de\/angebot\/bauernhof-radez\/\" \/>\n<meta property=\"og:site_name\" content=\"VisitDolenjska\" \/>\n<meta name=\"twitter:card\" content=\"summary_large_image\" \/>\n<script type=\"application\/ld+json\" class=\"yoast-schema-graph\">{\"@context\":\"https:\\\/\\\/schema.org\",\"@graph\":[{\"@type\":\"WebPage\",\"@id\":\"https:\\\/\\\/www.visitdolenjska.eu\\\/de\\\/angebot\\\/bauernhof-radez\\\/\",\"url\":\"https:\\\/\\\/www.visitdolenjska.eu\\\/de\\\/angebot\\\/bauernhof-radez\\\/\",\"name\":\"Bauernhof Rade\u017e - VisitDolenjska\",\"isPartOf\":{\"@id\":\"https:\\\/\\\/www.visitdolenjska.eu\\\/de\\\/#website\"},\"primaryImageOfPage\":{\"@id\":\"https:\\\/\\\/www.visitdolenjska.eu\\\/de\\\/angebot\\\/bauernhof-radez\\\/#primaryimage\"},\"image\":{\"@id\":\"https:\\\/\\\/www.visitdolenjska.eu\\\/de\\\/angebot\\\/bauernhof-radez\\\/#primaryimage\"},\"thumbnailUrl\":\"https:\\\/\\\/www.visitdolenjska.eu\\\/wp-content\\\/uploads\\\/articles_logoac15e561aa7972d.jpg\",\"datePublished\":\"2020-03-23T23:00:00+00:00\",\"description\":\"Mit der Milchproduktion besch\u00e4ftigten sich bereits die Eltern. Heute wird die gesamte auf dem Bauernhof produzierte Milch auch selbst verarbeitet. Sie\",\"breadcrumb\":{\"@id\":\"https:\\\/\\\/www.visitdolenjska.eu\\\/de\\\/angebot\\\/bauernhof-radez\\\/#breadcrumb\"},\"inLanguage\":\"de\",\"potentialAction\":[{\"@type\":\"ReadAction\",\"target\":[\"https:\\\/\\\/www.visitdolenjska.eu\\\/de\\\/angebot\\\/bauernhof-radez\\\/\"]}]},{\"@type\":\"ImageObject\",\"inLanguage\":\"de\",\"@id\":\"https:\\\/\\\/www.visitdolenjska.eu\\\/de\\\/angebot\\\/bauernhof-radez\\\/#primaryimage\",\"url\":\"https:\\\/\\\/www.visitdolenjska.eu\\\/wp-content\\\/uploads\\\/articles_logoac15e561aa7972d.jpg\",\"contentUrl\":\"https:\\\/\\\/www.visitdolenjska.eu\\\/wp-content\\\/uploads\\\/articles_logoac15e561aa7972d.jpg\",\"width\":924,\"height\":574},{\"@type\":\"BreadcrumbList\",\"@id\":\"https:\\\/\\\/www.visitdolenjska.eu\\\/de\\\/angebot\\\/bauernhof-radez\\\/#breadcrumb\",\"itemListElement\":[{\"@type\":\"ListItem\",\"position\":1,\"name\":\"Home\",\"item\":\"https:\\\/\\\/www.visitdolenjska.eu\\\/de\\\/\"},{\"@type\":\"ListItem\",\"position\":2,\"name\":\"Angebot\",\"item\":\"https:\\\/\\\/www.visitdolenjska.eu\\\/de\\\/angebot\\\/\"},{\"@type\":\"ListItem\",\"position\":3,\"name\":\"Bauernhof Rade\u017e\"}]},{\"@type\":\"WebSite\",\"@id\":\"https:\\\/\\\/www.visitdolenjska.eu\\\/de\\\/#website\",\"url\":\"https:\\\/\\\/www.visitdolenjska.eu\\\/de\\\/\",\"name\":\"VisitDolenjska\",\"description\":\"\",\"potentialAction\":[{\"@type\":\"SearchAction\",\"target\":{\"@type\":\"EntryPoint\",\"urlTemplate\":\"https:\\\/\\\/www.visitdolenjska.eu\\\/de\\\/?s={search_term_string}\"},\"query-input\":{\"@type\":\"PropertyValueSpecification\",\"valueRequired\":true,\"valueName\":\"search_term_string\"}}],\"inLanguage\":\"de\"}]}<\/script>\n<!-- \/ Yoast SEO plugin. -->","yoast_head_json":{"title":"Bauernhof Rade\u017e - VisitDolenjska","description":"Mit der Milchproduktion besch\u00e4ftigten sich bereits die Eltern. Heute wird die gesamte auf dem Bauernhof produzierte Milch auch selbst verarbeitet. Sie","robots":{"index":"index","follow":"follow","max-snippet":"max-snippet:-1","max-image-preview":"max-image-preview:large","max-video-preview":"max-video-preview:-1"},"canonical":"https:\/\/www.visitdolenjska.eu\/de\/angebot\/bauernhof-radez\/","og_locale":"de_DE","og_type":"article","og_title":"Bauernhof Rade\u017e - VisitDolenjska","og_description":"Mit der Milchproduktion besch\u00e4ftigten sich bereits die Eltern. Heute wird die gesamte auf dem Bauernhof produzierte Milch auch selbst verarbeitet. Sie","og_url":"https:\/\/www.visitdolenjska.eu\/de\/angebot\/bauernhof-radez\/","og_site_name":"VisitDolenjska","twitter_card":"summary_large_image","schema":{"@context":"https:\/\/schema.org","@graph":[{"@type":"WebPage","@id":"https:\/\/www.visitdolenjska.eu\/de\/angebot\/bauernhof-radez\/","url":"https:\/\/www.visitdolenjska.eu\/de\/angebot\/bauernhof-radez\/","name":"Bauernhof Rade\u017e - VisitDolenjska","isPartOf":{"@id":"https:\/\/www.visitdolenjska.eu\/de\/#website"},"primaryImageOfPage":{"@id":"https:\/\/www.visitdolenjska.eu\/de\/angebot\/bauernhof-radez\/#primaryimage"},"image":{"@id":"https:\/\/www.visitdolenjska.eu\/de\/angebot\/bauernhof-radez\/#primaryimage"},"thumbnailUrl":"https:\/\/www.visitdolenjska.eu\/wp-content\/uploads\/articles_logoac15e561aa7972d.jpg","datePublished":"2020-03-23T23:00:00+00:00","description":"Mit der Milchproduktion besch\u00e4ftigten sich bereits die Eltern. Heute wird die gesamte auf dem Bauernhof produzierte Milch auch selbst verarbeitet. Sie","breadcrumb":{"@id":"https:\/\/www.visitdolenjska.eu\/de\/angebot\/bauernhof-radez\/#breadcrumb"},"inLanguage":"de","potentialAction":[{"@type":"ReadAction","target":["https:\/\/www.visitdolenjska.eu\/de\/angebot\/bauernhof-radez\/"]}]},{"@type":"ImageObject","inLanguage":"de","@id":"https:\/\/www.visitdolenjska.eu\/de\/angebot\/bauernhof-radez\/#primaryimage","url":"https:\/\/www.visitdolenjska.eu\/wp-content\/uploads\/articles_logoac15e561aa7972d.jpg","contentUrl":"https:\/\/www.visitdolenjska.eu\/wp-content\/uploads\/articles_logoac15e561aa7972d.jpg","width":924,"height":574},{"@type":"BreadcrumbList","@id":"https:\/\/www.visitdolenjska.eu\/de\/angebot\/bauernhof-radez\/#breadcrumb","itemListElement":[{"@type":"ListItem","position":1,"name":"Home","item":"https:\/\/www.visitdolenjska.eu\/de\/"},{"@type":"ListItem","position":2,"name":"Angebot","item":"https:\/\/www.visitdolenjska.eu\/de\/angebot\/"},{"@type":"ListItem","position":3,"name":"Bauernhof Rade\u017e"}]},{"@type":"WebSite","@id":"https:\/\/www.visitdolenjska.eu\/de\/#website","url":"https:\/\/www.visitdolenjska.eu\/de\/","name":"VisitDolenjska","description":"","potentialAction":[{"@type":"SearchAction","target":{"@type":"EntryPoint","urlTemplate":"https:\/\/www.visitdolenjska.eu\/de\/?s={search_term_string}"},"query-input":{"@type":"PropertyValueSpecification","valueRequired":true,"valueName":"search_term_string"}}],"inLanguage":"de"}]}},"_links":{"self":[{"href":"https:\/\/www.visitdolenjska.eu\/de\/wp-json\/wp\/v2\/ponudba\/10773","targetHints":{"allow":["GET"]}}],"collection":[{"href":"https:\/\/www.visitdolenjska.eu\/de\/wp-json\/wp\/v2\/ponudba"}],"about":[{"href":"https:\/\/www.visitdolenjska.eu\/de\/wp-json\/wp\/v2\/types\/ponudba"}],"author":[{"embeddable":true,"href":"https:\/\/www.visitdolenjska.eu\/de\/wp-json\/wp\/v2\/users\/1"}],"wp:featuredmedia":[{"embeddable":true,"href":"https:\/\/www.visitdolenjska.eu\/de\/wp-json\/wp\/v2\/media\/621"}],"wp:attachment":[{"href":"https:\/\/www.visitdolenjska.eu\/de\/wp-json\/wp\/v2\/media?parent=10773"}],"wp:term":[{"taxonomy":"kategorija-ponudbe","embeddable":true,"href":"https:\/\/www.visitdolenjska.eu\/de\/wp-json\/wp\/v2\/kategorija-ponudbe?post=10773"},{"taxonomy":"podkategorija-ponudbe","embeddable":true,"href":"https:\/\/www.visitdolenjska.eu\/de\/wp-json\/wp\/v2\/podkategorija-ponudbe?post=10773"},{"taxonomy":"posebna-ponudba","embeddable":true,"href":"https:\/\/www.visitdolenjska.eu\/de\/wp-json\/wp\/v2\/posebna-ponudba?post=10773"},{"taxonomy":"lokacija","embeddable":true,"href":"https:\/\/www.visitdolenjska.eu\/de\/wp-json\/wp\/v2\/lokacija?post=10773"}],"curies":[{"name":"wp","href":"https:\/\/api.w.org\/{rel}","templated":true}]}}