{"id":10788,"date":"2021-12-22T00:00:00","date_gmt":"2021-12-21T23:00:00","guid":{"rendered":"https:\/\/www.visitdolenjska.eu\/ponudba\/cafe-im-hotel-balnea\/"},"modified":"2021-12-22T00:00:00","modified_gmt":"2021-12-21T23:00:00","slug":"cafe-im-hotel-balnea","status":"publish","type":"ponudba","link":"https:\/\/www.visitdolenjska.eu\/de\/angebot\/cafe-im-hotel-balnea\/","title":{"rendered":"Caf\u00e9 im Hotel Balnea"},"content":{"rendered":"<p>Im Erdgeschoss des Hotels Balnea Superior befindet sich ein Caf\u00e9, das mit Kamin, Klavier und Sommerterrasse eine gem\u00fctliche Atmosph\u00e4re schafft. In diesem angenehmen Ambiente finden h\u00e4ufig Musikabende statt. Angeboten werden eine gro\u00dfe Auswahl an Erfrischungsgetr\u00e4nken, erlesene Weine, gesunde Drinks, t\u00e4glich frische Desserts und Eis.  &nbsp;<\/p>\n<p><\/p>\n<p><strong>\u00d6ffnungszeiten:&nbsp;<\/strong><\/p>\n<p>Sonntag \u2013 Donnerstag: von 8:00 bis 23:00 Uhr&nbsp;<\/p>\n<p>Freitag, Samstag: von 8:00 bis 24:00 Uhr<\/p>\n","protected":false},"excerpt":{"rendered":"<p>Im Erdgeschoss des Hotels Balnea Superior befindet sich ein Caf\u00e9, das mit Kamin, Klavier und Sommerterrasse eine gem\u00fctliche Atmosph\u00e4re schafft. In diesem angenehmen Ambiente finden h\u00e4ufig Musikabende statt. Angeboten werden eine gro\u00dfe Auswahl an Erfrischungsgetr\u00e4nken, erlesene Weine, gesunde Drinks, t\u00e4glich frische Desserts und Eis. &nbsp; \u00d6ffnungszeiten:&nbsp; Sonntag \u2013 Donnerstag: von 8:00 bis 23:00 Uhr&nbsp; Freitag, [&hellip;]<\/p>\n","protected":false},"author":1,"featured_media":0,"parent":0,"template":"","meta":{"_acf_changed":false},"kategorija-ponudbe":[365],"podkategorija-ponudbe":[522],"posebna-ponudba":[],"lokacija":[230],"class_list":["post-10788","ponudba","type-ponudba","status-publish","hentry","kategorija-ponudbe-gastronomie","podkategorija-ponudbe-bars-und-konditoreien","lokacija-dolenjske-toplice"],"acf":[],"yoast_head":"<!-- This site is optimized with the Yoast SEO plugin v27.3 - https:\/\/yoast.com\/product\/yoast-seo-wordpress\/ -->\n<title>Caf\u00e9 im Hotel Balnea - VisitDolenjska<\/title>\n<meta name=\"description\" content=\"Im Erdgeschoss des Hotels Balnea Superior befindet sich ein Caf\u00e9, das mit Kamin, Klavier und Sommerterrasse eine gem\u00fctliche Atmosph\u00e4re schafft. In diesem\" \/>\n<meta name=\"robots\" content=\"index, follow, max-snippet:-1, max-image-preview:large, max-video-preview:-1\" \/>\n<link rel=\"canonical\" href=\"https:\/\/www.visitdolenjska.eu\/de\/angebot\/cafe-im-hotel-balnea\/\" \/>\n<meta property=\"og:locale\" content=\"de_DE\" \/>\n<meta property=\"og:type\" content=\"article\" \/>\n<meta property=\"og:title\" content=\"Caf\u00e9 im Hotel Balnea - VisitDolenjska\" \/>\n<meta property=\"og:description\" content=\"Im Erdgeschoss des Hotels Balnea Superior befindet sich ein Caf\u00e9, das mit Kamin, Klavier und Sommerterrasse eine gem\u00fctliche Atmosph\u00e4re schafft. In diesem\" \/>\n<meta property=\"og:url\" content=\"https:\/\/www.visitdolenjska.eu\/de\/angebot\/cafe-im-hotel-balnea\/\" \/>\n<meta property=\"og:site_name\" content=\"VisitDolenjska\" \/>\n<meta name=\"twitter:card\" content=\"summary_large_image\" \/>\n<script type=\"application\/ld+json\" class=\"yoast-schema-graph\">{\"@context\":\"https:\\\/\\\/schema.org\",\"@graph\":[{\"@type\":\"WebPage\",\"@id\":\"https:\\\/\\\/www.visitdolenjska.eu\\\/de\\\/angebot\\\/cafe-im-hotel-balnea\\\/\",\"url\":\"https:\\\/\\\/www.visitdolenjska.eu\\\/de\\\/angebot\\\/cafe-im-hotel-balnea\\\/\",\"name\":\"Caf\u00e9 im Hotel Balnea - VisitDolenjska\",\"isPartOf\":{\"@id\":\"https:\\\/\\\/www.visitdolenjska.eu\\\/de\\\/#website\"},\"datePublished\":\"2021-12-21T23:00:00+00:00\",\"description\":\"Im Erdgeschoss des Hotels Balnea Superior befindet sich ein Caf\u00e9, das mit Kamin, Klavier und Sommerterrasse eine gem\u00fctliche Atmosph\u00e4re schafft. In diesem\",\"breadcrumb\":{\"@id\":\"https:\\\/\\\/www.visitdolenjska.eu\\\/de\\\/angebot\\\/cafe-im-hotel-balnea\\\/#breadcrumb\"},\"inLanguage\":\"de\",\"potentialAction\":[{\"@type\":\"ReadAction\",\"target\":[\"https:\\\/\\\/www.visitdolenjska.eu\\\/de\\\/angebot\\\/cafe-im-hotel-balnea\\\/\"]}]},{\"@type\":\"BreadcrumbList\",\"@id\":\"https:\\\/\\\/www.visitdolenjska.eu\\\/de\\\/angebot\\\/cafe-im-hotel-balnea\\\/#breadcrumb\",\"itemListElement\":[{\"@type\":\"ListItem\",\"position\":1,\"name\":\"Home\",\"item\":\"https:\\\/\\\/www.visitdolenjska.eu\\\/de\\\/\"},{\"@type\":\"ListItem\",\"position\":2,\"name\":\"Angebot\",\"item\":\"https:\\\/\\\/www.visitdolenjska.eu\\\/de\\\/angebot\\\/\"},{\"@type\":\"ListItem\",\"position\":3,\"name\":\"Caf\u00e9 im Hotel Balnea\"}]},{\"@type\":\"WebSite\",\"@id\":\"https:\\\/\\\/www.visitdolenjska.eu\\\/de\\\/#website\",\"url\":\"https:\\\/\\\/www.visitdolenjska.eu\\\/de\\\/\",\"name\":\"VisitDolenjska\",\"description\":\"\",\"potentialAction\":[{\"@type\":\"SearchAction\",\"target\":{\"@type\":\"EntryPoint\",\"urlTemplate\":\"https:\\\/\\\/www.visitdolenjska.eu\\\/de\\\/?s={search_term_string}\"},\"query-input\":{\"@type\":\"PropertyValueSpecification\",\"valueRequired\":true,\"valueName\":\"search_term_string\"}}],\"inLanguage\":\"de\"}]}<\/script>\n<!-- \/ Yoast SEO plugin. -->","yoast_head_json":{"title":"Caf\u00e9 im Hotel Balnea - VisitDolenjska","description":"Im Erdgeschoss des Hotels Balnea Superior befindet sich ein Caf\u00e9, das mit Kamin, Klavier und Sommerterrasse eine gem\u00fctliche Atmosph\u00e4re schafft. In diesem","robots":{"index":"index","follow":"follow","max-snippet":"max-snippet:-1","max-image-preview":"max-image-preview:large","max-video-preview":"max-video-preview:-1"},"canonical":"https:\/\/www.visitdolenjska.eu\/de\/angebot\/cafe-im-hotel-balnea\/","og_locale":"de_DE","og_type":"article","og_title":"Caf\u00e9 im Hotel Balnea - VisitDolenjska","og_description":"Im Erdgeschoss des Hotels Balnea Superior befindet sich ein Caf\u00e9, das mit Kamin, Klavier und Sommerterrasse eine gem\u00fctliche Atmosph\u00e4re schafft. In diesem","og_url":"https:\/\/www.visitdolenjska.eu\/de\/angebot\/cafe-im-hotel-balnea\/","og_site_name":"VisitDolenjska","twitter_card":"summary_large_image","schema":{"@context":"https:\/\/schema.org","@graph":[{"@type":"WebPage","@id":"https:\/\/www.visitdolenjska.eu\/de\/angebot\/cafe-im-hotel-balnea\/","url":"https:\/\/www.visitdolenjska.eu\/de\/angebot\/cafe-im-hotel-balnea\/","name":"Caf\u00e9 im Hotel Balnea - VisitDolenjska","isPartOf":{"@id":"https:\/\/www.visitdolenjska.eu\/de\/#website"},"datePublished":"2021-12-21T23:00:00+00:00","description":"Im Erdgeschoss des Hotels Balnea Superior befindet sich ein Caf\u00e9, das mit Kamin, Klavier und Sommerterrasse eine gem\u00fctliche Atmosph\u00e4re schafft. In diesem","breadcrumb":{"@id":"https:\/\/www.visitdolenjska.eu\/de\/angebot\/cafe-im-hotel-balnea\/#breadcrumb"},"inLanguage":"de","potentialAction":[{"@type":"ReadAction","target":["https:\/\/www.visitdolenjska.eu\/de\/angebot\/cafe-im-hotel-balnea\/"]}]},{"@type":"BreadcrumbList","@id":"https:\/\/www.visitdolenjska.eu\/de\/angebot\/cafe-im-hotel-balnea\/#breadcrumb","itemListElement":[{"@type":"ListItem","position":1,"name":"Home","item":"https:\/\/www.visitdolenjska.eu\/de\/"},{"@type":"ListItem","position":2,"name":"Angebot","item":"https:\/\/www.visitdolenjska.eu\/de\/angebot\/"},{"@type":"ListItem","position":3,"name":"Caf\u00e9 im Hotel Balnea"}]},{"@type":"WebSite","@id":"https:\/\/www.visitdolenjska.eu\/de\/#website","url":"https:\/\/www.visitdolenjska.eu\/de\/","name":"VisitDolenjska","description":"","potentialAction":[{"@type":"SearchAction","target":{"@type":"EntryPoint","urlTemplate":"https:\/\/www.visitdolenjska.eu\/de\/?s={search_term_string}"},"query-input":{"@type":"PropertyValueSpecification","valueRequired":true,"valueName":"search_term_string"}}],"inLanguage":"de"}]}},"_links":{"self":[{"href":"https:\/\/www.visitdolenjska.eu\/de\/wp-json\/wp\/v2\/ponudba\/10788","targetHints":{"allow":["GET"]}}],"collection":[{"href":"https:\/\/www.visitdolenjska.eu\/de\/wp-json\/wp\/v2\/ponudba"}],"about":[{"href":"https:\/\/www.visitdolenjska.eu\/de\/wp-json\/wp\/v2\/types\/ponudba"}],"author":[{"embeddable":true,"href":"https:\/\/www.visitdolenjska.eu\/de\/wp-json\/wp\/v2\/users\/1"}],"wp:attachment":[{"href":"https:\/\/www.visitdolenjska.eu\/de\/wp-json\/wp\/v2\/media?parent=10788"}],"wp:term":[{"taxonomy":"kategorija-ponudbe","embeddable":true,"href":"https:\/\/www.visitdolenjska.eu\/de\/wp-json\/wp\/v2\/kategorija-ponudbe?post=10788"},{"taxonomy":"podkategorija-ponudbe","embeddable":true,"href":"https:\/\/www.visitdolenjska.eu\/de\/wp-json\/wp\/v2\/podkategorija-ponudbe?post=10788"},{"taxonomy":"posebna-ponudba","embeddable":true,"href":"https:\/\/www.visitdolenjska.eu\/de\/wp-json\/wp\/v2\/posebna-ponudba?post=10788"},{"taxonomy":"lokacija","embeddable":true,"href":"https:\/\/www.visitdolenjska.eu\/de\/wp-json\/wp\/v2\/lokacija?post=10788"}],"curies":[{"name":"wp","href":"https:\/\/api.w.org\/{rel}","templated":true}]}}