{"id":11023,"date":"2021-12-23T00:00:00","date_gmt":"2021-12-22T23:00:00","guid":{"rendered":"https:\/\/www.visitdolenjska.eu\/ponudba\/rajhenav-tanne\/"},"modified":"2021-12-23T00:00:00","modified_gmt":"2021-12-22T23:00:00","slug":"rajhenav-tanne","status":"publish","type":"ponudba","link":"https:\/\/www.visitdolenjska.eu\/de\/angebot\/rajhenav-tanne\/","title":{"rendered":"Rajhenav-Tanne"},"content":{"rendered":"<p>Die majest\u00e4tische Rajhenav-Tanne ist die K\u00f6nigin des Ko\u010devski Rog, da sie mit einer H\u00f6he von 51,5 Metern die h\u00f6chste Tanne Sloweniens ist. Mit einem Umfang von 4,96 Metern belegt sie den zweiten Platz. Ihr Holzvolumen betr\u00e4gt 38 m\u00b3. Ihr Alter wird auf \u00fcber 500 Jahre gesch\u00e4tzt. Sie befindet sich in der N\u00e4he des Urwaldes Rajhenav und ist \u00fcber den Ro\u0161ka-Weg erreichbar.    <\/p>\n","protected":false},"excerpt":{"rendered":"<p>Die majest\u00e4tische Rajhenav-Tanne ist die K\u00f6nigin des Ko\u010devski Rog, da sie mit einer H\u00f6he von 51,5 Metern die h\u00f6chste Tanne Sloweniens ist. Mit einem Umfang von 4,96 Metern belegt sie den zweiten Platz. Ihr Holzvolumen betr\u00e4gt 38 m\u00b3. Ihr Alter wird auf \u00fcber 500 Jahre gesch\u00e4tzt. Sie befindet sich in der N\u00e4he des Urwaldes Rajhenav [&hellip;]<\/p>\n","protected":false},"author":1,"featured_media":3843,"parent":0,"template":"","meta":{"_acf_changed":false},"kategorija-ponudbe":[363],"podkategorija-ponudbe":[596,526],"posebna-ponudba":[],"lokacija":[230],"class_list":["post-11023","ponudba","type-ponudba","status-publish","has-post-thumbnail","hentry","kategorija-ponudbe-erlebnisse","podkategorija-ponudbe-naturerbe","podkategorija-ponudbe-sehenswurdigkeiten","lokacija-dolenjske-toplice"],"acf":[],"yoast_head":"<!-- This site is optimized with the Yoast SEO plugin v27.3 - https:\/\/yoast.com\/product\/yoast-seo-wordpress\/ -->\n<title>Rajhenav-Tanne - VisitDolenjska<\/title>\n<meta name=\"description\" content=\"Die majest\u00e4tische Rajhenav-Tanne ist die K\u00f6nigin des Ko\u010devski Rog, da sie mit einer H\u00f6he von 51,5 Metern die h\u00f6chste Tanne Sloweniens ist. Mit einem\" \/>\n<meta name=\"robots\" content=\"index, follow, max-snippet:-1, max-image-preview:large, max-video-preview:-1\" \/>\n<link rel=\"canonical\" href=\"https:\/\/www.visitdolenjska.eu\/de\/angebot\/rajhenav-tanne\/\" \/>\n<meta property=\"og:locale\" content=\"de_DE\" \/>\n<meta property=\"og:type\" content=\"article\" \/>\n<meta property=\"og:title\" content=\"Rajhenav-Tanne - VisitDolenjska\" \/>\n<meta property=\"og:description\" content=\"Die majest\u00e4tische Rajhenav-Tanne ist die K\u00f6nigin des Ko\u010devski Rog, da sie mit einer H\u00f6he von 51,5 Metern die h\u00f6chste Tanne Sloweniens ist. Mit einem\" \/>\n<meta property=\"og:url\" content=\"https:\/\/www.visitdolenjska.eu\/de\/angebot\/rajhenav-tanne\/\" \/>\n<meta property=\"og:site_name\" content=\"VisitDolenjska\" \/>\n<meta name=\"twitter:card\" content=\"summary_large_image\" \/>\n<script type=\"application\/ld+json\" class=\"yoast-schema-graph\">{\"@context\":\"https:\\\/\\\/schema.org\",\"@graph\":[{\"@type\":\"WebPage\",\"@id\":\"https:\\\/\\\/www.visitdolenjska.eu\\\/de\\\/angebot\\\/rajhenav-tanne\\\/\",\"url\":\"https:\\\/\\\/www.visitdolenjska.eu\\\/de\\\/angebot\\\/rajhenav-tanne\\\/\",\"name\":\"Rajhenav-Tanne - VisitDolenjska\",\"isPartOf\":{\"@id\":\"https:\\\/\\\/www.visitdolenjska.eu\\\/de\\\/#website\"},\"primaryImageOfPage\":{\"@id\":\"https:\\\/\\\/www.visitdolenjska.eu\\\/de\\\/angebot\\\/rajhenav-tanne\\\/#primaryimage\"},\"image\":{\"@id\":\"https:\\\/\\\/www.visitdolenjska.eu\\\/de\\\/angebot\\\/rajhenav-tanne\\\/#primaryimage\"},\"thumbnailUrl\":\"https:\\\/\\\/www.visitdolenjska.eu\\\/wp-content\\\/uploads\\\/articles_logo49d73a20409186f.jpg\",\"datePublished\":\"2021-12-22T23:00:00+00:00\",\"description\":\"Die majest\u00e4tische Rajhenav-Tanne ist die K\u00f6nigin des Ko\u010devski Rog, da sie mit einer H\u00f6he von 51,5 Metern die h\u00f6chste Tanne Sloweniens ist. Mit einem\",\"breadcrumb\":{\"@id\":\"https:\\\/\\\/www.visitdolenjska.eu\\\/de\\\/angebot\\\/rajhenav-tanne\\\/#breadcrumb\"},\"inLanguage\":\"de\",\"potentialAction\":[{\"@type\":\"ReadAction\",\"target\":[\"https:\\\/\\\/www.visitdolenjska.eu\\\/de\\\/angebot\\\/rajhenav-tanne\\\/\"]}]},{\"@type\":\"ImageObject\",\"inLanguage\":\"de\",\"@id\":\"https:\\\/\\\/www.visitdolenjska.eu\\\/de\\\/angebot\\\/rajhenav-tanne\\\/#primaryimage\",\"url\":\"https:\\\/\\\/www.visitdolenjska.eu\\\/wp-content\\\/uploads\\\/articles_logo49d73a20409186f.jpg\",\"contentUrl\":\"https:\\\/\\\/www.visitdolenjska.eu\\\/wp-content\\\/uploads\\\/articles_logo49d73a20409186f.jpg\",\"width\":408,\"height\":306},{\"@type\":\"BreadcrumbList\",\"@id\":\"https:\\\/\\\/www.visitdolenjska.eu\\\/de\\\/angebot\\\/rajhenav-tanne\\\/#breadcrumb\",\"itemListElement\":[{\"@type\":\"ListItem\",\"position\":1,\"name\":\"Home\",\"item\":\"https:\\\/\\\/www.visitdolenjska.eu\\\/de\\\/\"},{\"@type\":\"ListItem\",\"position\":2,\"name\":\"Angebot\",\"item\":\"https:\\\/\\\/www.visitdolenjska.eu\\\/de\\\/angebot\\\/\"},{\"@type\":\"ListItem\",\"position\":3,\"name\":\"Rajhenav-Tanne\"}]},{\"@type\":\"WebSite\",\"@id\":\"https:\\\/\\\/www.visitdolenjska.eu\\\/de\\\/#website\",\"url\":\"https:\\\/\\\/www.visitdolenjska.eu\\\/de\\\/\",\"name\":\"VisitDolenjska\",\"description\":\"\",\"potentialAction\":[{\"@type\":\"SearchAction\",\"target\":{\"@type\":\"EntryPoint\",\"urlTemplate\":\"https:\\\/\\\/www.visitdolenjska.eu\\\/de\\\/?s={search_term_string}\"},\"query-input\":{\"@type\":\"PropertyValueSpecification\",\"valueRequired\":true,\"valueName\":\"search_term_string\"}}],\"inLanguage\":\"de\"}]}<\/script>\n<!-- \/ Yoast SEO plugin. -->","yoast_head_json":{"title":"Rajhenav-Tanne - VisitDolenjska","description":"Die majest\u00e4tische Rajhenav-Tanne ist die K\u00f6nigin des Ko\u010devski Rog, da sie mit einer H\u00f6he von 51,5 Metern die h\u00f6chste Tanne Sloweniens ist. Mit einem","robots":{"index":"index","follow":"follow","max-snippet":"max-snippet:-1","max-image-preview":"max-image-preview:large","max-video-preview":"max-video-preview:-1"},"canonical":"https:\/\/www.visitdolenjska.eu\/de\/angebot\/rajhenav-tanne\/","og_locale":"de_DE","og_type":"article","og_title":"Rajhenav-Tanne - VisitDolenjska","og_description":"Die majest\u00e4tische Rajhenav-Tanne ist die K\u00f6nigin des Ko\u010devski Rog, da sie mit einer H\u00f6he von 51,5 Metern die h\u00f6chste Tanne Sloweniens ist. Mit einem","og_url":"https:\/\/www.visitdolenjska.eu\/de\/angebot\/rajhenav-tanne\/","og_site_name":"VisitDolenjska","twitter_card":"summary_large_image","schema":{"@context":"https:\/\/schema.org","@graph":[{"@type":"WebPage","@id":"https:\/\/www.visitdolenjska.eu\/de\/angebot\/rajhenav-tanne\/","url":"https:\/\/www.visitdolenjska.eu\/de\/angebot\/rajhenav-tanne\/","name":"Rajhenav-Tanne - VisitDolenjska","isPartOf":{"@id":"https:\/\/www.visitdolenjska.eu\/de\/#website"},"primaryImageOfPage":{"@id":"https:\/\/www.visitdolenjska.eu\/de\/angebot\/rajhenav-tanne\/#primaryimage"},"image":{"@id":"https:\/\/www.visitdolenjska.eu\/de\/angebot\/rajhenav-tanne\/#primaryimage"},"thumbnailUrl":"https:\/\/www.visitdolenjska.eu\/wp-content\/uploads\/articles_logo49d73a20409186f.jpg","datePublished":"2021-12-22T23:00:00+00:00","description":"Die majest\u00e4tische Rajhenav-Tanne ist die K\u00f6nigin des Ko\u010devski Rog, da sie mit einer H\u00f6he von 51,5 Metern die h\u00f6chste Tanne Sloweniens ist. Mit einem","breadcrumb":{"@id":"https:\/\/www.visitdolenjska.eu\/de\/angebot\/rajhenav-tanne\/#breadcrumb"},"inLanguage":"de","potentialAction":[{"@type":"ReadAction","target":["https:\/\/www.visitdolenjska.eu\/de\/angebot\/rajhenav-tanne\/"]}]},{"@type":"ImageObject","inLanguage":"de","@id":"https:\/\/www.visitdolenjska.eu\/de\/angebot\/rajhenav-tanne\/#primaryimage","url":"https:\/\/www.visitdolenjska.eu\/wp-content\/uploads\/articles_logo49d73a20409186f.jpg","contentUrl":"https:\/\/www.visitdolenjska.eu\/wp-content\/uploads\/articles_logo49d73a20409186f.jpg","width":408,"height":306},{"@type":"BreadcrumbList","@id":"https:\/\/www.visitdolenjska.eu\/de\/angebot\/rajhenav-tanne\/#breadcrumb","itemListElement":[{"@type":"ListItem","position":1,"name":"Home","item":"https:\/\/www.visitdolenjska.eu\/de\/"},{"@type":"ListItem","position":2,"name":"Angebot","item":"https:\/\/www.visitdolenjska.eu\/de\/angebot\/"},{"@type":"ListItem","position":3,"name":"Rajhenav-Tanne"}]},{"@type":"WebSite","@id":"https:\/\/www.visitdolenjska.eu\/de\/#website","url":"https:\/\/www.visitdolenjska.eu\/de\/","name":"VisitDolenjska","description":"","potentialAction":[{"@type":"SearchAction","target":{"@type":"EntryPoint","urlTemplate":"https:\/\/www.visitdolenjska.eu\/de\/?s={search_term_string}"},"query-input":{"@type":"PropertyValueSpecification","valueRequired":true,"valueName":"search_term_string"}}],"inLanguage":"de"}]}},"_links":{"self":[{"href":"https:\/\/www.visitdolenjska.eu\/de\/wp-json\/wp\/v2\/ponudba\/11023","targetHints":{"allow":["GET"]}}],"collection":[{"href":"https:\/\/www.visitdolenjska.eu\/de\/wp-json\/wp\/v2\/ponudba"}],"about":[{"href":"https:\/\/www.visitdolenjska.eu\/de\/wp-json\/wp\/v2\/types\/ponudba"}],"author":[{"embeddable":true,"href":"https:\/\/www.visitdolenjska.eu\/de\/wp-json\/wp\/v2\/users\/1"}],"wp:featuredmedia":[{"embeddable":true,"href":"https:\/\/www.visitdolenjska.eu\/de\/wp-json\/wp\/v2\/media\/3843"}],"wp:attachment":[{"href":"https:\/\/www.visitdolenjska.eu\/de\/wp-json\/wp\/v2\/media?parent=11023"}],"wp:term":[{"taxonomy":"kategorija-ponudbe","embeddable":true,"href":"https:\/\/www.visitdolenjska.eu\/de\/wp-json\/wp\/v2\/kategorija-ponudbe?post=11023"},{"taxonomy":"podkategorija-ponudbe","embeddable":true,"href":"https:\/\/www.visitdolenjska.eu\/de\/wp-json\/wp\/v2\/podkategorija-ponudbe?post=11023"},{"taxonomy":"posebna-ponudba","embeddable":true,"href":"https:\/\/www.visitdolenjska.eu\/de\/wp-json\/wp\/v2\/posebna-ponudba?post=11023"},{"taxonomy":"lokacija","embeddable":true,"href":"https:\/\/www.visitdolenjska.eu\/de\/wp-json\/wp\/v2\/lokacija?post=11023"}],"curies":[{"name":"wp","href":"https:\/\/api.w.org\/{rel}","templated":true}]}}