{"id":11131,"date":"2021-08-25T00:00:00","date_gmt":"2021-08-24T22:00:00","guid":{"rendered":"https:\/\/www.visitdolenjska.eu\/ponudba\/entlang-des-weges-der-jugend-von-slak-und-pavcek\/"},"modified":"2025-05-12T08:33:11","modified_gmt":"2025-05-12T06:33:11","slug":"entlang-des-weges-der-jugend-von-slak-und-pavcek","status":"publish","type":"ponudba","link":"https:\/\/www.visitdolenjska.eu\/de\/angebot\/entlang-des-weges-der-jugend-von-slak-und-pavcek\/","title":{"rendered":"Entlang des Weges der Jugend von Slak und Pav\u010dek"},"content":{"rendered":"\n<p>Der 12 Kilometer lange Rundweg der <strong>Jugend von Slak und Pav\u010dek <\/strong>ist einfach und f\u00fcr alle Altersgruppen geeignet, einschlie\u00dflich Radfahrern, Reitern und Familien mit kleinen Kindern. Einheimische und Besucher gehen ihn jedes Jahr Ende Juni gemeinsam. Sie k\u00f6nnen ihn jedoch jederzeit auch alleine gehen.  <\/p>\n\n<p>Der Weg ist gut gekennzeichnet und f\u00fchrt durch die malerischen Ecken dieser kleinsten slowenischen Gemeinde, in der die gro\u00dfen Pers\u00f6nlichkeiten von Mirno Pe\u010d ihre Jugend verbrachten. Der Blick auf die Wiesen, Weiden und Weinberge ist zu jeder Jahreszeit wundersch\u00f6n, und entlang des Weges finden Sie mehrere kulturelle, historische und andere Sehensw\u00fcrdigkeiten. <\/p>\n\n<p>Der Weg beginnt vor dem <a href=\"https:\/\/www.visitdolenjska.eu\/de\/angebot\/museum-lojze-slak-und-tone-pavcek\/\" target=\"_blank\" rel=\"nofollow noopener\">Museum von Lojze Slak und Tone Pav\u010dek<\/a> in Mirna Pe\u010d und f\u00fchrt auch am<a href=\"https:\/\/www.visitdolenjska.eu\/de\/angebot\/pavcek-haus\/\" target=\"_blank\" rel=\"nofollow noopener\"> Pav\u010deks Elternhaus<\/a> in \u0160entjurij na Dolenjskem sowie am Slak-Denkmal auf dem Ausflugsbauernhof Barbo in Mali Kal vorbei. <\/p>\n\n<p>Den Flyer \u00fcber den Weg finden Sie <a href=\"https:\/\/www.mirnapec.si\/DownloadFile?id=201380\" target=\"_blank\" rel=\"nofollow noopener\">HIER.<\/a> <\/p>\n\n<p><strong>Wanderkarte ali Karte des Weges<\/strong><\/p>\n\n<iframe loading=\"lazy\" src=\"https:\/\/www.google.com\/maps\/d\/embed?mid=15XE-UkWbwx3X2N40orIK93dImZ8&#038;hl=sl&#038;ehbc=2E312F\" width=\"640\" height=\"480\"><\/iframe>\n","protected":false},"excerpt":{"rendered":"<p>Der 12 Kilometer lange Rundweg der Jugend von Slak und Pav\u010dek ist einfach und f\u00fcr alle Altersgruppen geeignet, einschlie\u00dflich Radfahrern, Reitern und Familien mit kleinen Kindern. Einheimische und Besucher gehen ihn jedes Jahr Ende Juni gemeinsam. Sie k\u00f6nnen ihn jedoch jederzeit auch alleine gehen. Der Weg ist gut gekennzeichnet und f\u00fchrt durch die malerischen Ecken [&hellip;]<\/p>\n","protected":false},"author":1,"featured_media":1183,"parent":0,"template":"","meta":{"_acf_changed":false},"kategorija-ponudbe":[363],"podkategorija-ponudbe":[548],"posebna-ponudba":[554],"lokacija":[248],"class_list":["post-11131","ponudba","type-ponudba","status-publish","has-post-thumbnail","hentry","kategorija-ponudbe-erlebnisse","podkategorija-ponudbe-themenwege","posebna-ponudba-familienfreundlich","lokacija-mirna-pec"],"acf":[],"yoast_head":"<!-- This site is optimized with the Yoast SEO plugin v27.3 - https:\/\/yoast.com\/product\/yoast-seo-wordpress\/ -->\n<title>Pot Slakove in Pav\u010dkove mladosti - Mirna Pe\u010d - VisitDolenjska<\/title>\n<meta name=\"description\" content=\"Der Weg der Jugend von Slak und Pav\u010dek ist leicht und f\u00fcr alle Altersgruppen geeignet \u2013 auch f\u00fcr Radfahrer, Reiter und Familien mit kleinen Kindern.\" \/>\n<meta name=\"robots\" content=\"index, follow, max-snippet:-1, max-image-preview:large, max-video-preview:-1\" \/>\n<link rel=\"canonical\" href=\"https:\/\/www.visitdolenjska.eu\/de\/angebot\/entlang-des-weges-der-jugend-von-slak-und-pavcek\/\" \/>\n<meta property=\"og:locale\" content=\"de_DE\" \/>\n<meta property=\"og:type\" content=\"article\" \/>\n<meta property=\"og:title\" content=\"Pot Slakove in Pav\u010dkove mladosti - Mirna Pe\u010d - VisitDolenjska\" \/>\n<meta property=\"og:description\" content=\"Der Weg der Jugend von Slak und Pav\u010dek ist leicht und f\u00fcr alle Altersgruppen geeignet \u2013 auch f\u00fcr Radfahrer, Reiter und Familien mit kleinen Kindern.\" \/>\n<meta property=\"og:url\" content=\"https:\/\/www.visitdolenjska.eu\/de\/angebot\/entlang-des-weges-der-jugend-von-slak-und-pavcek\/\" \/>\n<meta property=\"og:site_name\" content=\"VisitDolenjska\" \/>\n<meta property=\"article:modified_time\" content=\"2025-05-12T06:33:11+00:00\" \/>\n<meta property=\"og:image\" content=\"https:\/\/www.visitdolenjska.eu\/wp-content\/uploads\/articles_logo687e222768c0b7b-scaled.jpg\" \/>\n\t<meta property=\"og:image:width\" content=\"2560\" \/>\n\t<meta property=\"og:image:height\" content=\"1920\" \/>\n\t<meta property=\"og:image:type\" content=\"image\/jpeg\" \/>\n<meta name=\"twitter:card\" content=\"summary_large_image\" \/>\n<script type=\"application\/ld+json\" class=\"yoast-schema-graph\">{\"@context\":\"https:\\\/\\\/schema.org\",\"@graph\":[{\"@type\":\"WebPage\",\"@id\":\"https:\\\/\\\/www.visitdolenjska.eu\\\/de\\\/angebot\\\/entlang-des-weges-der-jugend-von-slak-und-pavcek\\\/\",\"url\":\"https:\\\/\\\/www.visitdolenjska.eu\\\/de\\\/angebot\\\/entlang-des-weges-der-jugend-von-slak-und-pavcek\\\/\",\"name\":\"Pot Slakove in Pav\u010dkove mladosti - Mirna Pe\u010d - VisitDolenjska\",\"isPartOf\":{\"@id\":\"https:\\\/\\\/www.visitdolenjska.eu\\\/de\\\/#website\"},\"primaryImageOfPage\":{\"@id\":\"https:\\\/\\\/www.visitdolenjska.eu\\\/de\\\/angebot\\\/entlang-des-weges-der-jugend-von-slak-und-pavcek\\\/#primaryimage\"},\"image\":{\"@id\":\"https:\\\/\\\/www.visitdolenjska.eu\\\/de\\\/angebot\\\/entlang-des-weges-der-jugend-von-slak-und-pavcek\\\/#primaryimage\"},\"thumbnailUrl\":\"https:\\\/\\\/www.visitdolenjska.eu\\\/wp-content\\\/uploads\\\/articles_logo687e222768c0b7b-scaled.jpg\",\"datePublished\":\"2021-08-24T22:00:00+00:00\",\"dateModified\":\"2025-05-12T06:33:11+00:00\",\"description\":\"Der Weg der Jugend von Slak und Pav\u010dek ist leicht und f\u00fcr alle Altersgruppen geeignet \u2013 auch f\u00fcr Radfahrer, Reiter und Familien mit kleinen Kindern.\",\"breadcrumb\":{\"@id\":\"https:\\\/\\\/www.visitdolenjska.eu\\\/de\\\/angebot\\\/entlang-des-weges-der-jugend-von-slak-und-pavcek\\\/#breadcrumb\"},\"inLanguage\":\"de\",\"potentialAction\":[{\"@type\":\"ReadAction\",\"target\":[\"https:\\\/\\\/www.visitdolenjska.eu\\\/de\\\/angebot\\\/entlang-des-weges-der-jugend-von-slak-und-pavcek\\\/\"]}]},{\"@type\":\"ImageObject\",\"inLanguage\":\"de\",\"@id\":\"https:\\\/\\\/www.visitdolenjska.eu\\\/de\\\/angebot\\\/entlang-des-weges-der-jugend-von-slak-und-pavcek\\\/#primaryimage\",\"url\":\"https:\\\/\\\/www.visitdolenjska.eu\\\/wp-content\\\/uploads\\\/articles_logo687e222768c0b7b-scaled.jpg\",\"contentUrl\":\"https:\\\/\\\/www.visitdolenjska.eu\\\/wp-content\\\/uploads\\\/articles_logo687e222768c0b7b-scaled.jpg\",\"width\":2560,\"height\":1920},{\"@type\":\"BreadcrumbList\",\"@id\":\"https:\\\/\\\/www.visitdolenjska.eu\\\/de\\\/angebot\\\/entlang-des-weges-der-jugend-von-slak-und-pavcek\\\/#breadcrumb\",\"itemListElement\":[{\"@type\":\"ListItem\",\"position\":1,\"name\":\"Home\",\"item\":\"https:\\\/\\\/www.visitdolenjska.eu\\\/de\\\/\"},{\"@type\":\"ListItem\",\"position\":2,\"name\":\"Angebot\",\"item\":\"https:\\\/\\\/www.visitdolenjska.eu\\\/de\\\/angebot\\\/\"},{\"@type\":\"ListItem\",\"position\":3,\"name\":\"Entlang des Weges der Jugend von Slak und Pav\u010dek\"}]},{\"@type\":\"WebSite\",\"@id\":\"https:\\\/\\\/www.visitdolenjska.eu\\\/de\\\/#website\",\"url\":\"https:\\\/\\\/www.visitdolenjska.eu\\\/de\\\/\",\"name\":\"VisitDolenjska\",\"description\":\"\",\"potentialAction\":[{\"@type\":\"SearchAction\",\"target\":{\"@type\":\"EntryPoint\",\"urlTemplate\":\"https:\\\/\\\/www.visitdolenjska.eu\\\/de\\\/?s={search_term_string}\"},\"query-input\":{\"@type\":\"PropertyValueSpecification\",\"valueRequired\":true,\"valueName\":\"search_term_string\"}}],\"inLanguage\":\"de\"}]}<\/script>\n<!-- \/ Yoast SEO plugin. -->","yoast_head_json":{"title":"Pot Slakove in Pav\u010dkove mladosti - Mirna Pe\u010d - VisitDolenjska","description":"Der Weg der Jugend von Slak und Pav\u010dek ist leicht und f\u00fcr alle Altersgruppen geeignet \u2013 auch f\u00fcr Radfahrer, Reiter und Familien mit kleinen Kindern.","robots":{"index":"index","follow":"follow","max-snippet":"max-snippet:-1","max-image-preview":"max-image-preview:large","max-video-preview":"max-video-preview:-1"},"canonical":"https:\/\/www.visitdolenjska.eu\/de\/angebot\/entlang-des-weges-der-jugend-von-slak-und-pavcek\/","og_locale":"de_DE","og_type":"article","og_title":"Pot Slakove in Pav\u010dkove mladosti - Mirna Pe\u010d - VisitDolenjska","og_description":"Der Weg der Jugend von Slak und Pav\u010dek ist leicht und f\u00fcr alle Altersgruppen geeignet \u2013 auch f\u00fcr Radfahrer, Reiter und Familien mit kleinen Kindern.","og_url":"https:\/\/www.visitdolenjska.eu\/de\/angebot\/entlang-des-weges-der-jugend-von-slak-und-pavcek\/","og_site_name":"VisitDolenjska","article_modified_time":"2025-05-12T06:33:11+00:00","og_image":[{"width":2560,"height":1920,"url":"https:\/\/www.visitdolenjska.eu\/wp-content\/uploads\/articles_logo687e222768c0b7b-scaled.jpg","type":"image\/jpeg"}],"twitter_card":"summary_large_image","schema":{"@context":"https:\/\/schema.org","@graph":[{"@type":"WebPage","@id":"https:\/\/www.visitdolenjska.eu\/de\/angebot\/entlang-des-weges-der-jugend-von-slak-und-pavcek\/","url":"https:\/\/www.visitdolenjska.eu\/de\/angebot\/entlang-des-weges-der-jugend-von-slak-und-pavcek\/","name":"Pot Slakove in Pav\u010dkove mladosti - Mirna Pe\u010d - VisitDolenjska","isPartOf":{"@id":"https:\/\/www.visitdolenjska.eu\/de\/#website"},"primaryImageOfPage":{"@id":"https:\/\/www.visitdolenjska.eu\/de\/angebot\/entlang-des-weges-der-jugend-von-slak-und-pavcek\/#primaryimage"},"image":{"@id":"https:\/\/www.visitdolenjska.eu\/de\/angebot\/entlang-des-weges-der-jugend-von-slak-und-pavcek\/#primaryimage"},"thumbnailUrl":"https:\/\/www.visitdolenjska.eu\/wp-content\/uploads\/articles_logo687e222768c0b7b-scaled.jpg","datePublished":"2021-08-24T22:00:00+00:00","dateModified":"2025-05-12T06:33:11+00:00","description":"Der Weg der Jugend von Slak und Pav\u010dek ist leicht und f\u00fcr alle Altersgruppen geeignet \u2013 auch f\u00fcr Radfahrer, Reiter und Familien mit kleinen Kindern.","breadcrumb":{"@id":"https:\/\/www.visitdolenjska.eu\/de\/angebot\/entlang-des-weges-der-jugend-von-slak-und-pavcek\/#breadcrumb"},"inLanguage":"de","potentialAction":[{"@type":"ReadAction","target":["https:\/\/www.visitdolenjska.eu\/de\/angebot\/entlang-des-weges-der-jugend-von-slak-und-pavcek\/"]}]},{"@type":"ImageObject","inLanguage":"de","@id":"https:\/\/www.visitdolenjska.eu\/de\/angebot\/entlang-des-weges-der-jugend-von-slak-und-pavcek\/#primaryimage","url":"https:\/\/www.visitdolenjska.eu\/wp-content\/uploads\/articles_logo687e222768c0b7b-scaled.jpg","contentUrl":"https:\/\/www.visitdolenjska.eu\/wp-content\/uploads\/articles_logo687e222768c0b7b-scaled.jpg","width":2560,"height":1920},{"@type":"BreadcrumbList","@id":"https:\/\/www.visitdolenjska.eu\/de\/angebot\/entlang-des-weges-der-jugend-von-slak-und-pavcek\/#breadcrumb","itemListElement":[{"@type":"ListItem","position":1,"name":"Home","item":"https:\/\/www.visitdolenjska.eu\/de\/"},{"@type":"ListItem","position":2,"name":"Angebot","item":"https:\/\/www.visitdolenjska.eu\/de\/angebot\/"},{"@type":"ListItem","position":3,"name":"Entlang des Weges der Jugend von Slak und Pav\u010dek"}]},{"@type":"WebSite","@id":"https:\/\/www.visitdolenjska.eu\/de\/#website","url":"https:\/\/www.visitdolenjska.eu\/de\/","name":"VisitDolenjska","description":"","potentialAction":[{"@type":"SearchAction","target":{"@type":"EntryPoint","urlTemplate":"https:\/\/www.visitdolenjska.eu\/de\/?s={search_term_string}"},"query-input":{"@type":"PropertyValueSpecification","valueRequired":true,"valueName":"search_term_string"}}],"inLanguage":"de"}]}},"_links":{"self":[{"href":"https:\/\/www.visitdolenjska.eu\/de\/wp-json\/wp\/v2\/ponudba\/11131","targetHints":{"allow":["GET"]}}],"collection":[{"href":"https:\/\/www.visitdolenjska.eu\/de\/wp-json\/wp\/v2\/ponudba"}],"about":[{"href":"https:\/\/www.visitdolenjska.eu\/de\/wp-json\/wp\/v2\/types\/ponudba"}],"author":[{"embeddable":true,"href":"https:\/\/www.visitdolenjska.eu\/de\/wp-json\/wp\/v2\/users\/1"}],"wp:featuredmedia":[{"embeddable":true,"href":"https:\/\/www.visitdolenjska.eu\/de\/wp-json\/wp\/v2\/media\/1183"}],"wp:attachment":[{"href":"https:\/\/www.visitdolenjska.eu\/de\/wp-json\/wp\/v2\/media?parent=11131"}],"wp:term":[{"taxonomy":"kategorija-ponudbe","embeddable":true,"href":"https:\/\/www.visitdolenjska.eu\/de\/wp-json\/wp\/v2\/kategorija-ponudbe?post=11131"},{"taxonomy":"podkategorija-ponudbe","embeddable":true,"href":"https:\/\/www.visitdolenjska.eu\/de\/wp-json\/wp\/v2\/podkategorija-ponudbe?post=11131"},{"taxonomy":"posebna-ponudba","embeddable":true,"href":"https:\/\/www.visitdolenjska.eu\/de\/wp-json\/wp\/v2\/posebna-ponudba?post=11131"},{"taxonomy":"lokacija","embeddable":true,"href":"https:\/\/www.visitdolenjska.eu\/de\/wp-json\/wp\/v2\/lokacija?post=11131"}],"curies":[{"name":"wp","href":"https:\/\/api.w.org\/{rel}","templated":true}]}}