{"id":11937,"date":"2015-10-09T00:00:00","date_gmt":"2015-10-08T22:00:00","guid":{"rendered":"https:\/\/www.visitdolenjska.eu\/kulinarika-in-vino\/il-cvicek\/"},"modified":"2025-09-05T09:37:58","modified_gmt":"2025-09-05T07:37:58","slug":"il-cvicek","status":"publish","type":"kulinarika-in-vino","link":"https:\/\/www.visitdolenjska.eu\/it\/cucina-e-vino\/il-cvicek\/","title":{"rendered":"Il Cvi\u010dek"},"content":{"rendered":"\n<p><strong>Il Cvi\u010dek<\/strong> \u00e8 uno dei rarissimi vini al mondo in cui \u00e8 consentito mescolare uve rosse e bianche. Accanto al celebre Chianti italiano \u2013 dove in passato questa pratica era ammessa \u2013 e a pochissime altre eccezioni a livello mondiale, il Cvi\u010dek rappresenta dunque un unicum nel panorama enologico. <\/p>\n\n<p>\u00c8 un vino secco ottenuto da diverse variet\u00e0 di uve: <strong>\u017dametna \u010crnina <\/strong>(70%), <strong>Modra Frankinja<\/strong> (10%) <strong>e uve bianche<\/strong> (20%), tra le quali prevale <strong>la Kraljevina<\/strong>. Le uve rosse e bianche, unite nelle giuste proporzioni, creano una splendida armonia che dona al vino un colore rosso chiaro con riflessi rubino. Leggero e di facile beva, si abbina perfettamente a qualsiasi piatto.   <\/p>\n\n<p>\u00c8 una particolarit\u00e0 della Dolenjska e una variet\u00e0 autoctona slovena, <strong>con un grado alcolico che varia dall\u20198,5 al 10,0% vol<\/strong>.<\/p>\n\n<div style=\"height:45px\" aria-hidden=\"true\" class=\"wp-block-spacer\"><\/div>\n<div class=\"wp-bootstrap-blocks-row row\">\n\t\n\n<div class=\"col-12 col-md-4\">\n\t\t\t\n\n<div class=\"wp-block-group is-layout-constrained wp-block-group-is-layout-constrained\"><div class=\"wp-bootstrap-blocks-row row\">\n\t\n\n<div class=\"col-12 col-md-12\">\n\t\t\t\n\n<div class=\"wp-block-group is-layout-constrained wp-block-group-is-layout-constrained\"><div class=\"wp-bootstrap-blocks-row row\">\n\t\n\n<div class=\"col-12 col-md-12\">\n\t\t\t\n\n<figure class=\"wp-block-image size-full\"><img loading=\"lazy\" decoding=\"async\" width=\"750\" height=\"750\" src=\"https:\/\/www.visitdolenjska.eu\/wp-content\/uploads\/Cvicek-VisitDolenjska.jpg\" alt=\"\" class=\"wp-image-9104\" srcset=\"https:\/\/www.visitdolenjska.eu\/wp-content\/uploads\/Cvicek-VisitDolenjska.jpg 750w, https:\/\/www.visitdolenjska.eu\/wp-content\/uploads\/Cvicek-VisitDolenjska-576x576.jpg 576w, https:\/\/www.visitdolenjska.eu\/wp-content\/uploads\/Cvicek-VisitDolenjska-360x360.jpg 360w\" sizes=\"(max-width: 750px) 100vw, 750px\" \/><\/figure>\n\n\t<\/div>\n\n<\/div>\n<\/div>\n\n\t<\/div>\n\n<\/div>\n<\/div>\n\n\t<\/div>\n\n\n\n<div class=\"col-12 col-md-4\">\n\t\t\t\n\n<figure class=\"wp-block-image size-full\"><img loading=\"lazy\" decoding=\"async\" width=\"750\" height=\"750\" src=\"https:\/\/www.visitdolenjska.eu\/wp-content\/uploads\/Cvicek-VisitDolenjska-1.jpg\" alt=\"\" class=\"wp-image-9102\" srcset=\"https:\/\/www.visitdolenjska.eu\/wp-content\/uploads\/Cvicek-VisitDolenjska-1.jpg 750w, https:\/\/www.visitdolenjska.eu\/wp-content\/uploads\/Cvicek-VisitDolenjska-1-576x576.jpg 576w, https:\/\/www.visitdolenjska.eu\/wp-content\/uploads\/Cvicek-VisitDolenjska-1-360x360.jpg 360w\" sizes=\"(max-width: 750px) 100vw, 750px\" \/><\/figure>\n\n\t<\/div>\n\n\n\n<div class=\"col-12 col-md-4\">\n\t\t\t\n\n<figure class=\"wp-block-image size-full\"><img loading=\"lazy\" decoding=\"async\" width=\"750\" height=\"750\" src=\"https:\/\/www.visitdolenjska.eu\/wp-content\/uploads\/Cvicek-VisitDolenjska-2.jpg\" alt=\"\" class=\"wp-image-9101\" srcset=\"https:\/\/www.visitdolenjska.eu\/wp-content\/uploads\/Cvicek-VisitDolenjska-2.jpg 750w, https:\/\/www.visitdolenjska.eu\/wp-content\/uploads\/Cvicek-VisitDolenjska-2-576x576.jpg 576w, https:\/\/www.visitdolenjska.eu\/wp-content\/uploads\/Cvicek-VisitDolenjska-2-360x360.jpg 360w\" sizes=\"(max-width: 750px) 100vw, 750px\" \/><\/figure>\n\n\t<\/div>\n\n<\/div>\n\n<div style=\"height:45px\" aria-hidden=\"true\" class=\"wp-block-spacer\"><\/div>\n\n<h2 class=\"wp-block-heading\">Scoprite il Cvi\u010dek<\/h2>\n\n<ul class=\"wp-block-list\">\n<li><a href=\"https:\/\/www.visitdolenjska.eu\/ponudba\/izvir-cvicka\/\">Fontana del vino \u201cSorgente del Cvi\u010dek\u201d<\/a><\/li>\n\n\n\n<li><a href=\"https:\/\/www.visitdolenjska.eu\/it\/offerta\/fattoria-di-matjaz\/\">La storia del Cvi\u010dek nella tenuta di Matja\u017e<\/a><\/li>\n\n\n\n<li><a href=\"https:\/\/www.visitdolenjska.eu\/it\/offerte-sottocategoria\/cantine-aperte\/\">Zidanice aperte<\/a> sul monte Tr\u0161ka Gora<\/li>\n\n\n\n<li><a href=\"https:\/\/www.visitdolenjska.eu\/it\/cucina-e-vino\/degustazioni-di-vino\/\">Degustazioni di vini<\/a><\/li>\n<\/ul>\n","protected":false},"excerpt":{"rendered":"<p>Il Cvi\u010dek \u00e8 uno dei pochi vini in cui \u00e8 consentito unire uve rosse e bianche: una variet\u00e0 autoctona slovena dal basso tenore alcolico.<\/p>\n","protected":false},"author":1,"featured_media":5897,"template":"","meta":{"_acf_changed":false},"lokacija":[],"class_list":["post-11937","kulinarika-in-vino","type-kulinarika-in-vino","status-publish","has-post-thumbnail","hentry"],"acf":[],"yoast_head":"<!-- This site is optimized with the Yoast SEO plugin v27.3 - https:\/\/yoast.com\/product\/yoast-seo-wordpress\/ -->\n<title>Il Cvi\u010dek - VisitDolenjska<\/title>\n<meta name=\"description\" content=\"Il Cvi\u010dek \u00e8 uno dei pochi vini in cui \u00e8 consentito unire uve rosse e bianche: una variet\u00e0 autoctona slovena dal basso tenore alcolico.\" \/>\n<meta name=\"robots\" content=\"index, follow, max-snippet:-1, max-image-preview:large, max-video-preview:-1\" \/>\n<link rel=\"canonical\" href=\"https:\/\/www.visitdolenjska.eu\/it\/cucina-e-vino\/il-cvicek\/\" \/>\n<meta property=\"og:locale\" content=\"it_IT\" \/>\n<meta property=\"og:type\" content=\"article\" \/>\n<meta property=\"og:title\" content=\"Il Cvi\u010dek - VisitDolenjska\" \/>\n<meta property=\"og:description\" content=\"Il Cvi\u010dek \u00e8 uno dei pochi vini in cui \u00e8 consentito unire uve rosse e bianche: una variet\u00e0 autoctona slovena dal basso tenore alcolico.\" \/>\n<meta property=\"og:url\" content=\"https:\/\/www.visitdolenjska.eu\/it\/cucina-e-vino\/il-cvicek\/\" \/>\n<meta property=\"og:site_name\" content=\"VisitDolenjska\" \/>\n<meta property=\"article:modified_time\" content=\"2025-09-05T07:37:58+00:00\" \/>\n<meta property=\"og:image\" content=\"https:\/\/www.visitdolenjska.eu\/wp-content\/uploads\/page_logof1e3c45e3a3a19a.jpg\" \/>\n\t<meta property=\"og:image:width\" content=\"1024\" \/>\n\t<meta property=\"og:image:height\" content=\"1026\" \/>\n\t<meta property=\"og:image:type\" content=\"image\/jpeg\" \/>\n<meta name=\"twitter:card\" content=\"summary_large_image\" \/>\n<script type=\"application\/ld+json\" class=\"yoast-schema-graph\">{\"@context\":\"https:\\\/\\\/schema.org\",\"@graph\":[{\"@type\":\"WebPage\",\"@id\":\"https:\\\/\\\/www.visitdolenjska.eu\\\/it\\\/cucina-e-vino\\\/il-cvicek\\\/\",\"url\":\"https:\\\/\\\/www.visitdolenjska.eu\\\/it\\\/cucina-e-vino\\\/il-cvicek\\\/\",\"name\":\"Il Cvi\u010dek - VisitDolenjska\",\"isPartOf\":{\"@id\":\"https:\\\/\\\/www.visitdolenjska.eu\\\/it\\\/#website\"},\"primaryImageOfPage\":{\"@id\":\"https:\\\/\\\/www.visitdolenjska.eu\\\/it\\\/cucina-e-vino\\\/il-cvicek\\\/#primaryimage\"},\"image\":{\"@id\":\"https:\\\/\\\/www.visitdolenjska.eu\\\/it\\\/cucina-e-vino\\\/il-cvicek\\\/#primaryimage\"},\"thumbnailUrl\":\"https:\\\/\\\/www.visitdolenjska.eu\\\/wp-content\\\/uploads\\\/page_logof1e3c45e3a3a19a.jpg\",\"datePublished\":\"2015-10-08T22:00:00+00:00\",\"dateModified\":\"2025-09-05T07:37:58+00:00\",\"description\":\"Il Cvi\u010dek \u00e8 uno dei pochi vini in cui \u00e8 consentito unire uve rosse e bianche: una variet\u00e0 autoctona slovena dal basso tenore alcolico.\",\"breadcrumb\":{\"@id\":\"https:\\\/\\\/www.visitdolenjska.eu\\\/it\\\/cucina-e-vino\\\/il-cvicek\\\/#breadcrumb\"},\"inLanguage\":\"it-IT\",\"potentialAction\":[{\"@type\":\"ReadAction\",\"target\":[\"https:\\\/\\\/www.visitdolenjska.eu\\\/it\\\/cucina-e-vino\\\/il-cvicek\\\/\"]}]},{\"@type\":\"ImageObject\",\"inLanguage\":\"it-IT\",\"@id\":\"https:\\\/\\\/www.visitdolenjska.eu\\\/it\\\/cucina-e-vino\\\/il-cvicek\\\/#primaryimage\",\"url\":\"https:\\\/\\\/www.visitdolenjska.eu\\\/wp-content\\\/uploads\\\/page_logof1e3c45e3a3a19a.jpg\",\"contentUrl\":\"https:\\\/\\\/www.visitdolenjska.eu\\\/wp-content\\\/uploads\\\/page_logof1e3c45e3a3a19a.jpg\",\"width\":1024,\"height\":1026,\"caption\":\"Cvi\u010dek\"},{\"@type\":\"BreadcrumbList\",\"@id\":\"https:\\\/\\\/www.visitdolenjska.eu\\\/it\\\/cucina-e-vino\\\/il-cvicek\\\/#breadcrumb\",\"itemListElement\":[{\"@type\":\"ListItem\",\"position\":1,\"name\":\"Home\",\"item\":\"https:\\\/\\\/www.visitdolenjska.eu\\\/it\\\/\"},{\"@type\":\"ListItem\",\"position\":2,\"name\":\"Cucina e vino\",\"item\":\"https:\\\/\\\/www.visitdolenjska.eu\\\/it\\\/cucina-e-vino\\\/\"},{\"@type\":\"ListItem\",\"position\":3,\"name\":\"Il Cvi\u010dek\"}]},{\"@type\":\"WebSite\",\"@id\":\"https:\\\/\\\/www.visitdolenjska.eu\\\/it\\\/#website\",\"url\":\"https:\\\/\\\/www.visitdolenjska.eu\\\/it\\\/\",\"name\":\"VisitDolenjska\",\"description\":\"\",\"potentialAction\":[{\"@type\":\"SearchAction\",\"target\":{\"@type\":\"EntryPoint\",\"urlTemplate\":\"https:\\\/\\\/www.visitdolenjska.eu\\\/it\\\/?s={search_term_string}\"},\"query-input\":{\"@type\":\"PropertyValueSpecification\",\"valueRequired\":true,\"valueName\":\"search_term_string\"}}],\"inLanguage\":\"it-IT\"}]}<\/script>\n<!-- \/ Yoast SEO plugin. -->","yoast_head_json":{"title":"Il Cvi\u010dek - VisitDolenjska","description":"Il Cvi\u010dek \u00e8 uno dei pochi vini in cui \u00e8 consentito unire uve rosse e bianche: una variet\u00e0 autoctona slovena dal basso tenore alcolico.","robots":{"index":"index","follow":"follow","max-snippet":"max-snippet:-1","max-image-preview":"max-image-preview:large","max-video-preview":"max-video-preview:-1"},"canonical":"https:\/\/www.visitdolenjska.eu\/it\/cucina-e-vino\/il-cvicek\/","og_locale":"it_IT","og_type":"article","og_title":"Il Cvi\u010dek - VisitDolenjska","og_description":"Il Cvi\u010dek \u00e8 uno dei pochi vini in cui \u00e8 consentito unire uve rosse e bianche: una variet\u00e0 autoctona slovena dal basso tenore alcolico.","og_url":"https:\/\/www.visitdolenjska.eu\/it\/cucina-e-vino\/il-cvicek\/","og_site_name":"VisitDolenjska","article_modified_time":"2025-09-05T07:37:58+00:00","og_image":[{"width":1024,"height":1026,"url":"https:\/\/www.visitdolenjska.eu\/wp-content\/uploads\/page_logof1e3c45e3a3a19a.jpg","type":"image\/jpeg"}],"twitter_card":"summary_large_image","schema":{"@context":"https:\/\/schema.org","@graph":[{"@type":"WebPage","@id":"https:\/\/www.visitdolenjska.eu\/it\/cucina-e-vino\/il-cvicek\/","url":"https:\/\/www.visitdolenjska.eu\/it\/cucina-e-vino\/il-cvicek\/","name":"Il Cvi\u010dek - VisitDolenjska","isPartOf":{"@id":"https:\/\/www.visitdolenjska.eu\/it\/#website"},"primaryImageOfPage":{"@id":"https:\/\/www.visitdolenjska.eu\/it\/cucina-e-vino\/il-cvicek\/#primaryimage"},"image":{"@id":"https:\/\/www.visitdolenjska.eu\/it\/cucina-e-vino\/il-cvicek\/#primaryimage"},"thumbnailUrl":"https:\/\/www.visitdolenjska.eu\/wp-content\/uploads\/page_logof1e3c45e3a3a19a.jpg","datePublished":"2015-10-08T22:00:00+00:00","dateModified":"2025-09-05T07:37:58+00:00","description":"Il Cvi\u010dek \u00e8 uno dei pochi vini in cui \u00e8 consentito unire uve rosse e bianche: una variet\u00e0 autoctona slovena dal basso tenore alcolico.","breadcrumb":{"@id":"https:\/\/www.visitdolenjska.eu\/it\/cucina-e-vino\/il-cvicek\/#breadcrumb"},"inLanguage":"it-IT","potentialAction":[{"@type":"ReadAction","target":["https:\/\/www.visitdolenjska.eu\/it\/cucina-e-vino\/il-cvicek\/"]}]},{"@type":"ImageObject","inLanguage":"it-IT","@id":"https:\/\/www.visitdolenjska.eu\/it\/cucina-e-vino\/il-cvicek\/#primaryimage","url":"https:\/\/www.visitdolenjska.eu\/wp-content\/uploads\/page_logof1e3c45e3a3a19a.jpg","contentUrl":"https:\/\/www.visitdolenjska.eu\/wp-content\/uploads\/page_logof1e3c45e3a3a19a.jpg","width":1024,"height":1026,"caption":"Cvi\u010dek"},{"@type":"BreadcrumbList","@id":"https:\/\/www.visitdolenjska.eu\/it\/cucina-e-vino\/il-cvicek\/#breadcrumb","itemListElement":[{"@type":"ListItem","position":1,"name":"Home","item":"https:\/\/www.visitdolenjska.eu\/it\/"},{"@type":"ListItem","position":2,"name":"Cucina e vino","item":"https:\/\/www.visitdolenjska.eu\/it\/cucina-e-vino\/"},{"@type":"ListItem","position":3,"name":"Il Cvi\u010dek"}]},{"@type":"WebSite","@id":"https:\/\/www.visitdolenjska.eu\/it\/#website","url":"https:\/\/www.visitdolenjska.eu\/it\/","name":"VisitDolenjska","description":"","potentialAction":[{"@type":"SearchAction","target":{"@type":"EntryPoint","urlTemplate":"https:\/\/www.visitdolenjska.eu\/it\/?s={search_term_string}"},"query-input":{"@type":"PropertyValueSpecification","valueRequired":true,"valueName":"search_term_string"}}],"inLanguage":"it-IT"}]}},"_links":{"self":[{"href":"https:\/\/www.visitdolenjska.eu\/it\/wp-json\/wp\/v2\/kulinarika-in-vino\/11937","targetHints":{"allow":["GET"]}}],"collection":[{"href":"https:\/\/www.visitdolenjska.eu\/it\/wp-json\/wp\/v2\/kulinarika-in-vino"}],"about":[{"href":"https:\/\/www.visitdolenjska.eu\/it\/wp-json\/wp\/v2\/types\/kulinarika-in-vino"}],"author":[{"embeddable":true,"href":"https:\/\/www.visitdolenjska.eu\/it\/wp-json\/wp\/v2\/users\/1"}],"wp:featuredmedia":[{"embeddable":true,"href":"https:\/\/www.visitdolenjska.eu\/it\/wp-json\/wp\/v2\/media\/5897"}],"wp:attachment":[{"href":"https:\/\/www.visitdolenjska.eu\/it\/wp-json\/wp\/v2\/media?parent=11937"}],"wp:term":[{"taxonomy":"lokacija","embeddable":true,"href":"https:\/\/www.visitdolenjska.eu\/it\/wp-json\/wp\/v2\/lokacija?post=11937"}],"curies":[{"name":"wp","href":"https:\/\/api.w.org\/{rel}","templated":true}]}}